{"id":1488,"date":"2021-09-10T11:06:30","date_gmt":"2021-09-10T09:06:30","guid":{"rendered":"https:\/\/vcwolfurt.at\/?page_id=1488"},"modified":"2021-10-08T18:55:00","modified_gmt":"2021-10-08T16:55:00","slug":"riccardo-defranceschi","status":"publish","type":"page","link":"https:\/\/vcwolfurt.at\/index.php\/riccardo-defranceschi\/","title":{"rendered":"Riccardo Defranceschi"},"content":{"rendered":"<div class=\"row\" style=\"background-color: #d8d9da;\">\n<div class=\"col-sm-2 col-xs-5 col-sm-offset-0\" style=\"padding: 0;\">\n<div id=\"attachment_1576\" style=\"width: 692px\" class=\"wp-caption alignnone\"><img loading=\"lazy\" decoding=\"async\" aria-describedby=\"caption-attachment-1576\" class=\"wp-image-1576 size-large\" src=\"https:\/\/vcwolfurt.at\/wp-content\/uploads\/2021\/10\/210917_Volleyball_Shourot048-682x1024.jpg\" alt=\"\" width=\"682\" height=\"1024\" srcset=\"https:\/\/vcwolfurt.at\/wp-content\/uploads\/2021\/10\/210917_Volleyball_Shourot048-682x1024.jpg 682w, https:\/\/vcwolfurt.at\/wp-content\/uploads\/2021\/10\/210917_Volleyball_Shourot048-200x300.jpg 200w, https:\/\/vcwolfurt.at\/wp-content\/uploads\/2021\/10\/210917_Volleyball_Shourot048-768x1153.jpg 768w, https:\/\/vcwolfurt.at\/wp-content\/uploads\/2021\/10\/210917_Volleyball_Shourot048-1023x1536.jpg 1023w, https:\/\/vcwolfurt.at\/wp-content\/uploads\/2021\/10\/210917_Volleyball_Shourot048.jpg 1332w\" sizes=\"auto, (max-width: 682px) 100vw, 682px\" \/><p id=\"caption-attachment-1576\" class=\"wp-caption-text\">Riccardo Defrancesi, VC, Wolfurt, Volleyball, Foto, Maurice Shourot, Shourot,<\/p><\/div>\n<\/div>\n<div class=\"col-sm-9 col-xs-7 col-sm-offset-0\" style=\"background-color: #d8d9da; padding: 0;\">\n<div class=\"col-xs-12\" style=\"padding: 0.8em; padding-left: 2em;\">\n<h1>Nr.<\/h1>\n<\/div>\n<div class=\"col-xs-12\" style=\"padding: 0.8em; padding-left: 2em;\">\n<h2>Riccardo Defranceschi<\/h2>\n<p>&nbsp;<\/p>\n<h3>Mittelblocker<\/h3>\n<\/div>\n<\/div>\n<\/div>\n<p>&nbsp;<\/p>\n<div class=\"row player-type\">\n<table class=\"player-list\" style=\"width: 39.8188%; height: 288px;\">\n<tbody>\n<tr style=\"height: 24px;\">\n<td style=\"width: 35.3351%; height: 24px;\">Geburtsdatum<\/td>\n<td style=\"width: 198.548%; height: 24px;\">31.12.1989<\/td>\n<\/tr>\n<tr style=\"height: 24px;\">\n<td style=\"width: 35.3351%; height: 24px;\">Wohnort<\/td>\n<td style=\"width: 198.548%; height: 24px;\">Bregenz<\/td>\n<\/tr>\n<tr style=\"height: 24px;\">\n<td style=\"width: 35.3351%; height: 24px;\">Beruf<\/td>\n<td style=\"width: 198.548%; height: 24px;\">Pharmazeutischer Gro\u00dfhandel im Au\u00dfendienst<\/td>\n<\/tr>\n<tr style=\"height: 24px;\">\n<td style=\"width: 35.3351%; height: 24px;\">Funktion im Verein<\/td>\n<td style=\"width: 198.548%; height: 24px;\">Spieler<\/td>\n<\/tr>\n<tr style=\"height: 24px;\">\n<td style=\"width: 35.3351%; height: 24px;\">Lieblingsessen<\/td>\n<td style=\"width: 198.548%; height: 24px;\">Pizza<\/td>\n<\/tr>\n<tr style=\"height: 24px;\">\n<td style=\"width: 35.3351%; height: 24px;\">Lieblingsgetr\u00e4nk<\/td>\n<td style=\"width: 198.548%; height: 24px;\">Corona<\/td>\n<\/tr>\n<tr style=\"height: 24px;\">\n<td style=\"width: 35.3351%; height: 24px;\">Beschreibt sich selbst als<\/td>\n<td style=\"width: 198.548%; height: 24px;\">motiviert und ehrgeizig<\/td>\n<\/tr>\n<tr style=\"height: 24px;\">\n<td style=\"width: 35.3351%; height: 24px;\">Lieblingsspruch<\/td>\n<td style=\"width: 198.548%; height: 24px;\">\u00a0&#8211;<\/td>\n<\/tr>\n<tr style=\"height: 24px;\">\n<td style=\"width: 35.3351%; height: 24px;\">Gr\u00f6\u00dfe<\/td>\n<td style=\"width: 198.548%; height: 24px;\">190<\/td>\n<\/tr>\n<tr style=\"height: 24px;\">\n<td style=\"width: 35.3351%; height: 24px;\">Position<\/td>\n<td style=\"width: 198.548%; height: 24px;\">Mitte, Diagonal<\/td>\n<\/tr>\n<tr style=\"height: 24px;\">\n<td style=\"width: 35.3351%; height: 24px;\">Spielt Volleyball seit<\/td>\n<td style=\"width: 198.548%; height: 24px;\">2000<\/td>\n<\/tr>\n<tr style=\"height: 24px;\">\n<td style=\"width: 35.3351%; height: 24px;\">Ist bei Wolfurt seit<\/td>\n<td style=\"width: 198.548%; height: 24px;\">2000<\/td>\n<\/tr>\n<\/tbody>\n<\/table>\n<\/div>\n","protected":false},"excerpt":{"rendered":"<p>Nr. Riccardo Defranceschi &nbsp; Mittelblocker &nbsp; Geburtsdatum 31.12.1989 Wohnort Bregenz Beruf Pharmazeutischer Gro\u00dfhandel im Au\u00dfendienst Funktion im Verein Spieler Lieblingsessen Pizza Lieblingsgetr\u00e4nk Corona Beschreibt sich selbst als motiviert und ehrgeizig Lieblingsspruch \u00a0&#8211; Gr\u00f6\u00dfe 190 Position Mitte, Diagonal Spielt Volleyball seit 2000 Ist bei Wolfurt seit 2000<\/p>\n","protected":false},"author":4,"featured_media":0,"parent":0,"menu_order":0,"comment_status":"closed","ping_status":"closed","template":"","meta":{"footnotes":""},"class_list":["post-1488","page","type-page","status-publish","hentry"],"_links":{"self":[{"href":"https:\/\/vcwolfurt.at\/index.php\/wp-json\/wp\/v2\/pages\/1488","targetHints":{"allow":["GET"]}}],"collection":[{"href":"https:\/\/vcwolfurt.at\/index.php\/wp-json\/wp\/v2\/pages"}],"about":[{"href":"https:\/\/vcwolfurt.at\/index.php\/wp-json\/wp\/v2\/types\/page"}],"author":[{"embeddable":true,"href":"https:\/\/vcwolfurt.at\/index.php\/wp-json\/wp\/v2\/users\/4"}],"replies":[{"embeddable":true,"href":"https:\/\/vcwolfurt.at\/index.php\/wp-json\/wp\/v2\/comments?post=1488"}],"version-history":[{"count":3,"href":"https:\/\/vcwolfurt.at\/index.php\/wp-json\/wp\/v2\/pages\/1488\/revisions"}],"predecessor-version":[{"id":1583,"href":"https:\/\/vcwolfurt.at\/index.php\/wp-json\/wp\/v2\/pages\/1488\/revisions\/1583"}],"wp:attachment":[{"href":"https:\/\/vcwolfurt.at\/index.php\/wp-json\/wp\/v2\/media?parent=1488"}],"curies":[{"name":"wp","href":"https:\/\/api.w.org\/{rel}","templated":true}]}}