{"id":617,"date":"2018-04-16T11:25:59","date_gmt":"2018-04-16T09:25:59","guid":{"rendered":"http:\/\/new.vcwolfurt.at\/?page_id=617"},"modified":"2018-04-18T23:34:07","modified_gmt":"2018-04-18T21:34:07","slug":"marco-halbeisen","status":"publish","type":"page","link":"https:\/\/vcwolfurt.at\/index.php\/marco-halbeisen\/","title":{"rendered":"Marco Halbeisen"},"content":{"rendered":"<div class=\"row\" style=\"background-color: #d8d9da;\">\n<div class=\"col-sm-2 col-xs-5 col-sm-offset-0\" style=\"padding: 0;\"><img decoding=\"async\" src=\"https:\/\/vcwolfurt.at\/wp-content\/uploads\/2018\/02\/MarcoHalbeisen-574x1024.jpg\"\/><\/div>\n<div class=\"col-sm-9 col-xs-7 col-sm-offset-0\" style=\"background-color: #d8d9da; padding: 0;\">\n<div class=\"col-xs-12\" style=\"padding: 0.8em; padding-left: 2em;\">\n<h1>Nr. 12<\/h1>\n<\/div>\n<div class=\"col-xs-12\" style=\"padding: 0.8em; padding-left: 2em;\">\n<h2>Marco Halbeisen<\/h2>\n<p>&nbsp;<\/p>\n<h3>Au\u00dfenangreifer<\/h3>\n<\/div>\n<\/div>\n<\/div>\n<p>&nbsp;<\/p>\n<div class=\"row player-type\">\n<table class=\"player-list\">\n<tbody>\n<tr>\n<td>Geburtsdatum<\/td>\n<td>28.06.1999<\/td>\n<\/tr>\n<tr>\n<td>Wohnort<\/td>\n<td>Koblach<\/td>\n<\/tr>\n<tr>\n<td>Beruf<\/td>\n<td>Sch\u00fcler<\/td>\n<\/tr>\n<tr>\n<td>Funktion im Verein<\/td>\n<td>Spieler<\/td>\n<\/tr>\n<tr>\n<td>Lieblingsessen<\/td>\n<td>Alles, hauptsach viel<\/td>\n<\/tr>\n<tr>\n<td>Lieblingsgetr\u00e4nk<\/td>\n<td>Cola<\/td>\n<\/tr>\n<tr>\n<td>Beschreibt sich selbst als<\/td>\n<td>Perfektionist<\/td>\n<\/tr>\n<tr>\n<td>Lieblingsspruch<\/td>\n<td>Vo nix, kut nix<\/td>\n<\/tr>\n<tr>\n<td>Gr\u00f6\u00dfe<\/td>\n<td>183cm<\/td>\n<\/tr>\n<tr>\n<td>Position<\/td>\n<td>Au\u00dfen<\/td>\n<\/tr>\n<tr>\n<td>Spielt Volleyball seit<\/td>\n<td>2013<\/td>\n<\/tr>\n<tr>\n<td>Ist bei Wolfurt seit<\/td>\n<td>2017<\/td>\n<\/tr>\n<\/tbody>\n<\/table>\n<\/div>\n","protected":false},"excerpt":{"rendered":"<p>Nr. 12 Marco Halbeisen &nbsp; Au\u00dfenangreifer &nbsp; Geburtsdatum 28.06.1999 Wohnort Koblach Beruf Sch\u00fcler Funktion im Verein Spieler Lieblingsessen Alles, hauptsach viel Lieblingsgetr\u00e4nk Cola Beschreibt sich selbst als Perfektionist Lieblingsspruch Vo nix, kut nix Gr\u00f6\u00dfe 183cm Position Au\u00dfen Spielt Volleyball seit 2013 Ist bei Wolfurt seit 2017<\/p>\n","protected":false},"author":1,"featured_media":0,"parent":0,"menu_order":0,"comment_status":"closed","ping_status":"closed","template":"single-person.php","meta":{"footnotes":""},"class_list":["post-617","page","type-page","status-publish","hentry"],"_links":{"self":[{"href":"https:\/\/vcwolfurt.at\/index.php\/wp-json\/wp\/v2\/pages\/617","targetHints":{"allow":["GET"]}}],"collection":[{"href":"https:\/\/vcwolfurt.at\/index.php\/wp-json\/wp\/v2\/pages"}],"about":[{"href":"https:\/\/vcwolfurt.at\/index.php\/wp-json\/wp\/v2\/types\/page"}],"author":[{"embeddable":true,"href":"https:\/\/vcwolfurt.at\/index.php\/wp-json\/wp\/v2\/users\/1"}],"replies":[{"embeddable":true,"href":"https:\/\/vcwolfurt.at\/index.php\/wp-json\/wp\/v2\/comments?post=617"}],"version-history":[{"count":5,"href":"https:\/\/vcwolfurt.at\/index.php\/wp-json\/wp\/v2\/pages\/617\/revisions"}],"predecessor-version":[{"id":824,"href":"https:\/\/vcwolfurt.at\/index.php\/wp-json\/wp\/v2\/pages\/617\/revisions\/824"}],"wp:attachment":[{"href":"https:\/\/vcwolfurt.at\/index.php\/wp-json\/wp\/v2\/media?parent=617"}],"curies":[{"name":"wp","href":"https:\/\/api.w.org\/{rel}","templated":true}]}}